{"id":431,"date":"2016-08-31T15:26:24","date_gmt":"2016-08-31T14:26:24","guid":{"rendered":"http:\/\/www.photoclubperignat-allier.com\/?page_id=431"},"modified":"2017-03-11T14:34:40","modified_gmt":"2017-03-11T13:34:40","slug":"concours-2017","status":"publish","type":"page","link":"https:\/\/www.photoclubperignat-allier.com\/?page_id=431","title":{"rendered":"Concours 2017"},"content":{"rendered":"<p style=\"text-align: center;\"><strong>6\u00e8me concours National d\u2019art photographique<br \/>\nde P\u00e9rignat-sur-Allier Janvier 2017<\/strong><br \/>\n<span style=\"color: #ff0000;\"><br \/>\n<\/span><\/p>\n<hr \/>\n<p style=\"text-align: center;\"><a href=\"https:\/\/www.facebook.com\/concours63\" target=\"_blank\"><img decoding=\"async\" loading=\"lazy\" class=\"alignnone wp-image-97\" src=\"http:\/\/www.photoclubperignat-allier.com\/wp-content\/uploads\/2015\/04\/logo-facebook.jpg\" alt=\"logo-facebook\" width=\"159\" height=\"41\" srcset=\"https:\/\/www.photoclubperignat-allier.com\/wp-content\/uploads\/2015\/04\/logo-facebook.jpg 310w, https:\/\/www.photoclubperignat-allier.com\/wp-content\/uploads\/2015\/04\/logo-facebook-300x77.jpg 300w\" sizes=\"(max-width: 159px) 100vw, 159px\" \/><\/a><\/p>\n<hr \/>\n<p style=\"text-align: center;\"><a href=\"http:\/\/www.photoclubperignat-allier.com\/wp-content\/uploads\/2016\/08\/partenaires2017.jpg\" target=\"_blank\"><img decoding=\"async\" loading=\"lazy\" class=\"aligncenter wp-image-468 size-full\" src=\"http:\/\/www.photoclubperignat-allier.com\/wp-content\/uploads\/2016\/08\/partenaires2017.jpg\" alt=\"partenaires2017\" width=\"526\" height=\"419\" srcset=\"https:\/\/www.photoclubperignat-allier.com\/wp-content\/uploads\/2016\/08\/partenaires2017.jpg 526w, https:\/\/www.photoclubperignat-allier.com\/wp-content\/uploads\/2016\/08\/partenaires2017-300x239.jpg 300w\" sizes=\"(max-width: 526px) 100vw, 526px\" \/><\/a><\/p>\n<p style=\"text-align: center;\"><a href=\"http:\/\/www.photoclubperignat-allier.com\/wp-content\/uploads\/2016\/08\/affiche_2017.jpg\"><img decoding=\"async\" loading=\"lazy\" class=\"aligncenter wp-image-467 size-medium\" src=\"http:\/\/www.photoclubperignat-allier.com\/wp-content\/uploads\/2016\/08\/affiche_2017-214x300.jpg\" alt=\"affiche concours national d'art photographique de p\u00e9rignat sur allier\" width=\"214\" height=\"300\" srcset=\"https:\/\/www.photoclubperignat-allier.com\/wp-content\/uploads\/2016\/08\/affiche_2017-214x300.jpg 214w, https:\/\/www.photoclubperignat-allier.com\/wp-content\/uploads\/2016\/08\/affiche_2017.jpg 693w\" sizes=\"(max-width: 214px) 100vw, 214px\" \/><\/a><\/p>\n<hr \/>\n<p style=\"text-align: center;\"><strong>Jury<\/strong><\/p>\n<p style=\"text-align: center;\">Juge 1 &#8211; Pr\u00e9sident du jury &#8211; Jean-Claude Menneron &#8211; <a href=\"http:\/\/www.photoclubperignat-allier.com\/?p=459\" target=\"_blank\">Bio<\/a><\/p>\n<p style=\"text-align: center;\">Juge 2 &#8211; Jacques Vanneuville &#8211; <a href=\"http:\/\/www.photoclubperignat-allier.com\/?p=462\" target=\"_blank\">Bio<\/a><\/p>\n<p style=\"text-align: center;\">Juge 3 &#8211; Alain Jean-Baptiste &#8211; <a href=\"http:\/\/www.photoclubperignat-allier.com\/?p=454\" target=\"_blank\">Bio<\/a><\/p>\n<div id=\"yui_3_16_0_1_1444226298930_3848\" dir=\"ltr\" style=\"text-align: center;\"><\/div>\n<hr \/>\n<p style=\"text-align: center;\"><strong>Le mot du pr\u00e9sident<br \/>\n<\/strong><\/p>\n<p style=\"text-align: justify;\">En cours de r\u00e9daction<\/p>\n<p style=\"text-align: left;\">Armand Amenta<\/p>\n<hr \/>\n<p style=\"text-align: center;\"><strong>Informations g\u00e9n\u00e9rales<\/strong><\/p>\n<p style=\"text-align: center;\"><em> Un catalogue des meilleures photos sera remis \u00e0 tous les participants.<\/em><\/p>\n<table width=\"689\" cellspacing=\"0\" cellpadding=\"5\">\n<tbody>\n<tr>\n<td><em>Date limite de r\u00e9ception des envois<\/em><\/td>\n<td><em>14 janvier 201<strong>7<\/strong><\/em><strong><em><br \/>\n<\/em><\/strong><\/td>\n<\/tr>\n<tr>\n<td><em>Jugement<\/em><\/td>\n<td><em><em><em><em>20 janvier 2017<\/em><\/em><\/em><\/em><\/td>\n<\/tr>\n<tr>\n<td><em>Notification des r\u00e9sultats sur le site du club<\/em><\/td>\n<td><em><em><em><em><em>28 janvier 2017<\/em><\/em><\/em><\/em><\/em><\/td>\n<\/tr>\n<tr>\n<td><em>Exposition, salle de la mairie de P\u00e9rignat-sur-Allier<\/em><\/td>\n<td><em><em><strong>du 18 f\u00e9vrier au 26 f\u00e9vrier 2017<\/strong><br \/>\n<\/em><\/em><\/td>\n<\/tr>\n<\/tbody>\n<\/table>\n<hr \/>\n<p style=\"text-align: center;\"><a href=\"https:\/\/www.facebook.com\/concours63\" target=\"_blank\"><img decoding=\"async\" loading=\"lazy\" class=\"alignnone wp-image-97\" src=\"http:\/\/www.photoclubperignat-allier.com\/wp-content\/uploads\/2015\/04\/logo-facebook.jpg\" alt=\"logo-facebook\" width=\"159\" height=\"41\" srcset=\"https:\/\/www.photoclubperignat-allier.com\/wp-content\/uploads\/2015\/04\/logo-facebook.jpg 310w, https:\/\/www.photoclubperignat-allier.com\/wp-content\/uploads\/2015\/04\/logo-facebook-300x77.jpg 300w\" sizes=\"(max-width: 159px) 100vw, 159px\" \/><\/a><\/p>\n<hr \/>\n<p><strong>R\u00e8glement\u00a0 :<\/strong><br \/>\n<a href=\"http:\/\/www.photoclubperignat-allier.com\/\/stock\/concours\/2017\/reglement_concours_2017_v2.pdf\" target=\"_blank\"><img decoding=\"async\" loading=\"lazy\" class=\"alignnone wp-image-195\" src=\"http:\/\/www.photoclubperignat-allier.com\/wp-content\/uploads\/2015\/10\/iconepdf.png\" alt=\"Fichier Pdf\" width=\"58\" height=\"58\" srcset=\"https:\/\/www.photoclubperignat-allier.com\/wp-content\/uploads\/2015\/10\/iconepdf.png 256w, https:\/\/www.photoclubperignat-allier.com\/wp-content\/uploads\/2015\/10\/iconepdf-150x150.png 150w\" sizes=\"(max-width: 58px) 100vw, 58px\" \/><\/a><\/p>\n<p><strong>Bordereau :<br \/>\n<\/strong>au format Word (<strong>\u00e0 privil\u00e9gier<\/strong> pour faciliter la tache des b\u00e9n\u00e9voles) :<br \/>\n<em> <a href=\"http:\/\/www.photoclubperignat-allier.com\/stock\/concours\/2017\/bordereau_2017b.zip\" target=\"_blank\"><img decoding=\"async\" loading=\"lazy\" class=\"alignnone wp-image-199\" src=\"http:\/\/www.photoclubperignat-allier.com\/wp-content\/uploads\/2015\/10\/iconeword.png\" alt=\"iconeword\" width=\"65\" height=\"65\" srcset=\"https:\/\/www.photoclubperignat-allier.com\/wp-content\/uploads\/2015\/10\/iconeword.png 256w, https:\/\/www.photoclubperignat-allier.com\/wp-content\/uploads\/2015\/10\/iconeword-150x150.png 150w\" sizes=\"(max-width: 65px) 100vw, 65px\" \/><\/a><em><em><br \/>\n<\/em><\/em><\/em><\/p>\n<p><em>Bordereau au format Pdf (pr\u00e9f\u00e9rez le bordereau au format Word ci-dessus si possible) : <a href=\"http:\/\/www.photoclubperignat-allier.com\/stock\/concours\/2017\/bordereau_2017b_pdf.zip\" target=\"_blank\"><img decoding=\"async\" loading=\"lazy\" class=\"alignnone wp-image-195\" src=\"http:\/\/www.photoclubperignat-allier.com\/wp-content\/uploads\/2015\/10\/iconepdf.png\" alt=\"Fichier Pdf\" width=\"25\" height=\"25\" srcset=\"https:\/\/www.photoclubperignat-allier.com\/wp-content\/uploads\/2015\/10\/iconepdf.png 256w, https:\/\/www.photoclubperignat-allier.com\/wp-content\/uploads\/2015\/10\/iconepdf-150x150.png 150w\" sizes=\"(max-width: 25px) 100vw, 25px\" \/><\/a><\/em><\/p>\n<p><strong>Aide : \u00c9tiquettes<\/strong><br \/>\nFichier pour \u00e9tiquettes Agipa 119013 au format Word <a href=\"http:\/\/www.photoclubperignat-allier.com\/wp-content\/uploads\/2015\/04\/agipa119013_etiquettes-concours_perignat2014.zip\" target=\"_blank\">Etiquettes Word<\/a> et au format Pdf <a href=\"http:\/\/www.photoclubperignat-allier.com\/wp-content\/uploads\/2015\/04\/agipa119013_etiquettes-concours_perignat2014.pdf\" target=\"_blank\">Etiquette Pdf<\/a><br \/>\n(<a href=\"http:\/\/www.youtube.com\/watch?v=jBlH3AMACAo\" target=\"_blank\">le tuto pour tout comprendre<\/a>)<\/p>\n<p><strong>Aide : Marie-Louise et Passe-Partout<\/strong><br \/>\nPour vous aider : Tuto pour r\u00e9aliser un passe-partout (Marie Louise) (<a href=\"https:\/\/www.youtube.com\/watch?v=3Hpf34As6YY\" target=\"_blank\">le tuto pour tout comprendre<\/a>)<\/p>\n<hr \/>\n<p style=\"text-align: center;\"><strong>Statistiques<\/strong><\/p>\n<table border=\"0\" width=\"466\" cellspacing=\"0\" cellpadding=\"0\">\n<colgroup>\n<col width=\"99\" \/>\n<col width=\"94\" \/>\n<col width=\"56\" \/>\n<col width=\"104\" \/>\n<col width=\"113\" \/><\/colgroup>\n<tbody>\n<tr>\n<td width=\"99\" height=\"20\">Cat\u00e9gories<\/td>\n<td width=\"94\">Photos re\u00e7ues<\/td>\n<td width=\"56\">Auteurs<\/td>\n<td width=\"104\">Photos admises<\/td>\n<td width=\"113\">Photos expos\u00e9es<\/td>\n<\/tr>\n<tr>\n<td height=\"20\">Couleur Papier<\/td>\n<td align=\"right\">666<\/td>\n<td align=\"right\">230<\/td>\n<td align=\"right\"><\/td>\n<td align=\"right\"><\/td>\n<\/tr>\n<tr>\n<td height=\"20\">Monochrome<\/td>\n<td align=\"right\">523<\/td>\n<td align=\"right\">130<\/td>\n<td align=\"right\"><\/td>\n<td align=\"right\"><\/td>\n<\/tr>\n<tr>\n<td height=\"20\">Nature<\/td>\n<td align=\"right\">376<\/td>\n<td align=\"right\">192<\/td>\n<td align=\"right\"><\/td>\n<td align=\"right\"><\/td>\n<\/tr>\n<tr>\n<td height=\"20\">Total<\/td>\n<td align=\"right\">1565<\/td>\n<td align=\"right\">300<\/td>\n<td align=\"right\"><\/td>\n<td align=\"right\"><\/td>\n<\/tr>\n<\/tbody>\n<\/table>\n<hr \/>\n<p style=\"text-align: center;\"><strong>R\u00e9sultats<br \/>\n<\/strong>Palmar\u00e8s, Cat\u00e9gorie Couleur, Cat\u00e9gorie Monochrome, Cat\u00e9gorie Nature :<\/p>\n<p style=\"text-align: center;\"><span style=\"color: #ff0000;\"><strong><a style=\"color: #ff0000;\" href=\"http:\/\/www.photoclubperignat-allier.com\/stock\/concours\/2017\/resultats_2017.zip\" target=\"_blank\">ICI<\/a><\/strong><\/span><\/p>\n<hr \/>\n<p style=\"text-align: center;\"><strong>Remise des prix en vid\u00e9os<\/strong><\/p>\n<p style=\"text-align: center;\">En attente du vernissage de l&rsquo;exposition<\/p>\n<hr \/>\n<p style=\"text-align: center;\"><a href=\"https:\/\/www.facebook.com\/concours63\" target=\"_blank\"><img decoding=\"async\" loading=\"lazy\" class=\"alignnone wp-image-97\" src=\"http:\/\/www.photoclubperignat-allier.com\/wp-content\/uploads\/2015\/04\/logo-facebook.jpg\" alt=\"logo-facebook\" width=\"159\" height=\"41\" srcset=\"https:\/\/www.photoclubperignat-allier.com\/wp-content\/uploads\/2015\/04\/logo-facebook.jpg 310w, https:\/\/www.photoclubperignat-allier.com\/wp-content\/uploads\/2015\/04\/logo-facebook-300x77.jpg 300w\" sizes=\"(max-width: 159px) 100vw, 159px\" \/><\/a><\/p>\n<hr \/>\n<p>A l&rsquo;occasion de la remise des prix du concours d&rsquo;art photographique de P\u00e9rignat-sur-Allier 2017, une vid\u00e9o a \u00e9t\u00e9 r\u00e9alis\u00e9e.<\/p>\n<p><strong>Partie 01<\/strong><br \/>\nPr\u00e9sentation, remerciements et distinctions<br \/>\n<a href=\"https:\/\/youtu.be\/U2-ZchROYcM\" target=\"_blank\"><img decoding=\"async\" loading=\"lazy\" class=\"aligncenter size-medium wp-image-526\" src=\"http:\/\/www.photoclubperignat-allier.com\/wp-content\/uploads\/2017\/03\/vignette_video_01-300x169.jpg\" alt=\"vignette_video_01\" width=\"300\" height=\"169\" srcset=\"https:\/\/www.photoclubperignat-allier.com\/wp-content\/uploads\/2017\/03\/vignette_video_01-300x169.jpg 300w, https:\/\/www.photoclubperignat-allier.com\/wp-content\/uploads\/2017\/03\/vignette_video_01-768x433.jpg 768w, https:\/\/www.photoclubperignat-allier.com\/wp-content\/uploads\/2017\/03\/vignette_video_01.jpg 852w\" sizes=\"(max-width: 300px) 100vw, 300px\" \/><\/a><strong>Partie 02<\/strong><br \/>\nRemise des prix nationaux<br \/>\n<a href=\"https:\/\/youtu.be\/DK2Jc-fFZaU\" target=\"_blank\"><img decoding=\"async\" loading=\"lazy\" class=\"aligncenter size-medium wp-image-527\" src=\"http:\/\/www.photoclubperignat-allier.com\/wp-content\/uploads\/2017\/03\/vignette_video_02-300x169.jpg\" alt=\"vignette_video_02\" width=\"300\" height=\"169\" srcset=\"https:\/\/www.photoclubperignat-allier.com\/wp-content\/uploads\/2017\/03\/vignette_video_02-300x169.jpg 300w, https:\/\/www.photoclubperignat-allier.com\/wp-content\/uploads\/2017\/03\/vignette_video_02-768x433.jpg 768w, https:\/\/www.photoclubperignat-allier.com\/wp-content\/uploads\/2017\/03\/vignette_video_02.jpg 852w\" sizes=\"(max-width: 300px) 100vw, 300px\" \/><\/a><strong>Partie 03<\/strong><br \/>\nRemise des prix r\u00e9gionaux<br \/>\n<a href=\"https:\/\/youtu.be\/ZWHAk9mTszo\" target=\"_blank\"><img decoding=\"async\" loading=\"lazy\" class=\"aligncenter size-medium wp-image-533\" src=\"http:\/\/www.photoclubperignat-allier.com\/wp-content\/uploads\/2017\/03\/vignette_video_03-300x169.jpg\" alt=\"vignette_video_03\" width=\"300\" height=\"169\" srcset=\"https:\/\/www.photoclubperignat-allier.com\/wp-content\/uploads\/2017\/03\/vignette_video_03-300x169.jpg 300w, https:\/\/www.photoclubperignat-allier.com\/wp-content\/uploads\/2017\/03\/vignette_video_03-768x433.jpg 768w, https:\/\/www.photoclubperignat-allier.com\/wp-content\/uploads\/2017\/03\/vignette_video_03.jpg 852w\" sizes=\"(max-width: 300px) 100vw, 300px\" \/><\/a><\/p>\n<p style=\"text-align: center;\"><a href=\"https:\/\/www.facebook.com\/concours63\" target=\"_blank\"><img decoding=\"async\" loading=\"lazy\" class=\"alignnone wp-image-97\" src=\"http:\/\/www.photoclubperignat-allier.com\/wp-content\/uploads\/2015\/04\/logo-facebook.jpg\" alt=\"logo-facebook\" width=\"159\" height=\"41\" srcset=\"https:\/\/www.photoclubperignat-allier.com\/wp-content\/uploads\/2015\/04\/logo-facebook.jpg 310w, https:\/\/www.photoclubperignat-allier.com\/wp-content\/uploads\/2015\/04\/logo-facebook-300x77.jpg 300w\" sizes=\"(max-width: 159px) 100vw, 159px\" \/><\/a><\/p>\n<hr \/>\n<hr \/>\n<hr \/>\n","protected":false},"excerpt":{"rendered":"<p>6\u00e8me concours National d\u2019art photographique de P\u00e9rignat-sur-Allier Janvier 2017 Jury Juge 1 &#8211; Pr\u00e9sident du jury &#8211; Jean-Claude Menneron &#8211; Bio Juge 2 &#8211; Jacques Vanneuville &#8211; Bio Juge 3 &#8211; Alain Jean-Baptiste &#8211; Bio Le mot du pr\u00e9sident En cours de r\u00e9daction Armand Amenta Informations g\u00e9n\u00e9rales Un catalogue des meilleures photos sera remis \u00e0 &hellip; <a href=\"https:\/\/www.photoclubperignat-allier.com\/?page_id=431\" class=\"more-link\">Continuer la lecture de <span class=\"screen-reader-text\">Concours 2017<\/span>  <span class=\"meta-nav\">&rarr;<\/span><\/a><\/p>\n","protected":false},"author":1,"featured_media":0,"parent":0,"menu_order":0,"comment_status":"closed","ping_status":"closed","template":"","meta":[],"_links":{"self":[{"href":"https:\/\/www.photoclubperignat-allier.com\/index.php?rest_route=\/wp\/v2\/pages\/431"}],"collection":[{"href":"https:\/\/www.photoclubperignat-allier.com\/index.php?rest_route=\/wp\/v2\/pages"}],"about":[{"href":"https:\/\/www.photoclubperignat-allier.com\/index.php?rest_route=\/wp\/v2\/types\/page"}],"author":[{"embeddable":true,"href":"https:\/\/www.photoclubperignat-allier.com\/index.php?rest_route=\/wp\/v2\/users\/1"}],"replies":[{"embeddable":true,"href":"https:\/\/www.photoclubperignat-allier.com\/index.php?rest_route=%2Fwp%2Fv2%2Fcomments&post=431"}],"version-history":[{"count":20,"href":"https:\/\/www.photoclubperignat-allier.com\/index.php?rest_route=\/wp\/v2\/pages\/431\/revisions"}],"predecessor-version":[{"id":535,"href":"https:\/\/www.photoclubperignat-allier.com\/index.php?rest_route=\/wp\/v2\/pages\/431\/revisions\/535"}],"wp:attachment":[{"href":"https:\/\/www.photoclubperignat-allier.com\/index.php?rest_route=%2Fwp%2Fv2%2Fmedia&parent=431"}],"curies":[{"name":"wp","href":"https:\/\/api.w.org\/{rel}","templated":true}]}}