{"id":1033,"date":"2019-10-26T07:50:34","date_gmt":"2019-10-26T06:50:34","guid":{"rendered":"http:\/\/www.photoclubperignat-allier.com\/?page_id=1033"},"modified":"2020-02-10T17:41:58","modified_gmt":"2020-02-10T16:41:58","slug":"concours-2020","status":"publish","type":"page","link":"https:\/\/www.photoclubperignat-allier.com\/?page_id=1033","title":{"rendered":"Concours 2020"},"content":{"rendered":"\n<p class=\"has-text-align-center\">9<strong>\u00e8me concours National d\u2019art photographique<br> de P\u00e9rignat-sur-Allier Janvier 2020<\/strong><\/p>\n\n\n\n<figure class=\"wp-block-image\"><img decoding=\"async\" src=\"http:\/\/www.photoclubperignat-allier.com\/wp-content\/uploads\/2019\/01\/partenaires2019-1.jpg\" alt=\"L\u00e2\u0080\u0099attribut alt de cette image est vide, son nom de fichier est partenaires2019-1.jpg.\"\/><\/figure>\n\n\n\n<figure class=\"wp-block-image\"><img decoding=\"async\" loading=\"lazy\" width=\"724\" height=\"1024\" src=\"http:\/\/www.photoclubperignat-allier.com\/wp-content\/uploads\/2019\/10\/9e_CONCOURS_NATIONAL_2020-2-724x1024.jpg\" alt=\"\" class=\"wp-image-1034\" srcset=\"https:\/\/www.photoclubperignat-allier.com\/wp-content\/uploads\/2019\/10\/9e_CONCOURS_NATIONAL_2020-2-724x1024.jpg 724w, https:\/\/www.photoclubperignat-allier.com\/wp-content\/uploads\/2019\/10\/9e_CONCOURS_NATIONAL_2020-2-212x300.jpg 212w, https:\/\/www.photoclubperignat-allier.com\/wp-content\/uploads\/2019\/10\/9e_CONCOURS_NATIONAL_2020-2-768x1086.jpg 768w, https:\/\/www.photoclubperignat-allier.com\/wp-content\/uploads\/2019\/10\/9e_CONCOURS_NATIONAL_2020-2.jpg 1240w\" sizes=\"(max-width: 724px) 100vw, 724px\" \/><\/figure>\n\n\n\n<figure class=\"wp-block-image\"><img decoding=\"async\" loading=\"lazy\" width=\"715\" height=\"1024\" src=\"http:\/\/www.photoclubperignat-allier.com\/wp-content\/uploads\/2019\/10\/Patronage-2020-3-715x1024.jpg\" alt=\"\" class=\"wp-image-1035\" srcset=\"https:\/\/www.photoclubperignat-allier.com\/wp-content\/uploads\/2019\/10\/Patronage-2020-3-715x1024.jpg 715w, https:\/\/www.photoclubperignat-allier.com\/wp-content\/uploads\/2019\/10\/Patronage-2020-3-210x300.jpg 210w, https:\/\/www.photoclubperignat-allier.com\/wp-content\/uploads\/2019\/10\/Patronage-2020-3-768x1100.jpg 768w, https:\/\/www.photoclubperignat-allier.com\/wp-content\/uploads\/2019\/10\/Patronage-2020-3.jpg 1341w\" sizes=\"(max-width: 715px) 100vw, 715px\" \/><\/figure>\n\n\n\n<div class=\"wp-block-file\"><a href=\"http:\/\/www.photoclubperignat-allier.com\/wp-content\/uploads\/2019\/11\/reglement_concours_2020-projet_v4.pdf\">R\u00e8glement_concours_2020 projet_v4<\/a><a href=\"http:\/\/www.photoclubperignat-allier.com\/wp-content\/uploads\/2019\/11\/reglement_concours_2020-projet_v4.pdf\" class=\"wp-block-file__button\" download>T\u00e9l\u00e9charger<\/a><\/div>\n\n\n\n<div class=\"wp-block-file\"><a href=\"http:\/\/www.photoclubperignat-allier.com\/wp-content\/uploads\/2019\/10\/bordereau_2020-1.doc\">Bordereau_2020-1<\/a><a href=\"http:\/\/www.photoclubperignat-allier.com\/wp-content\/uploads\/2019\/10\/bordereau_2020-1.doc\" class=\"wp-block-file__button\" download>T\u00e9l\u00e9charger<\/a><\/div>\n\n\n\n<p><strong>Bordereau : <\/strong>au format Word (<strong>\u00e0 privil\u00e9gier<\/strong> pour faciliter la tache des b\u00e9n\u00e9voles) :  <em><a href=\"http:\/\/www.photoclubperignat-allier.com\/wp-content\/uploads\/2019\/10\/bordereau_2020-1.pdf\">Bordereau au format Pdf<\/a>  (pr\u00e9f\u00e9rez le bordereau rempli au format Word ci-dessus si possible) : <\/em><br><strong>Aide : \u00c9tiquettes<\/strong> Fichier pour \u00e9tiquettes Agipa 119013 au format Word <a rel=\"noreferrer noopener\" href=\"http:\/\/www.photoclubperignat-allier.com\/wp-content\/uploads\/2015\/04\/agipa119013_etiquettes-concours_perignat2014.zip\" target=\"_blank\">Etiquettes Word<\/a> et au format Pdf <a rel=\"noreferrer noopener\" href=\"http:\/\/www.photoclubperignat-allier.com\/wp-content\/uploads\/2015\/04\/agipa119013_etiquettes-concours_perignat2014.pdf\" target=\"_blank\">Etiquette Pdf<\/a> (<a rel=\"noreferrer noopener\" href=\"http:\/\/www.youtube.com\/watch?v=jBlH3AMACAo\" target=\"_blank\">le tuto pour tout comprendre<\/a>)<br><strong>Aide : Marie-Louise et Passe-Partout<\/strong> Pour vous aider : Tuto pour r\u00e9aliser un passe-partout (Marie Louise) (<a rel=\"noreferrer noopener\" href=\"https:\/\/www.youtube.com\/watch?v=3Hpf34As6YY\" target=\"_blank\">le tuto pour tout comprendre<\/a>) <\/p>\n\n\n\n<figure class=\"wp-block-image\"><img decoding=\"async\" src=\"http:\/\/www.photoclubperignat-allier.com\/wp-content\/uploads\/2019\/01\/partenaires2019-1.jpg\" alt=\"L\u00e2\u0080\u0099attribut alt de cette image est vide, son nom de fichier est partenaires2019-1.jpg.\"\/><\/figure>\n\n\n\n<hr class=\"wp-block-separator\"\/>\n\n\n\n<div class=\"wp-block-image\"><figure class=\"aligncenter\"><a href=\"https:\/\/www.facebook.com\/concours63\" target=\"_blank\" rel=\"noreferrer noopener\"><img decoding=\"async\" loading=\"lazy\" width=\"310\" height=\"80\" src=\"http:\/\/www.photoclubperignat-allier.com\/wp-content\/uploads\/2015\/04\/logo-facebook.jpg\" alt=\"logo-facebook\" class=\"wp-image-97\" srcset=\"https:\/\/www.photoclubperignat-allier.com\/wp-content\/uploads\/2015\/04\/logo-facebook.jpg 310w, https:\/\/www.photoclubperignat-allier.com\/wp-content\/uploads\/2015\/04\/logo-facebook-300x77.jpg 300w\" sizes=\"(max-width: 310px) 100vw, 310px\" \/><\/a><\/figure><\/div>\n\n\n\n<hr class=\"wp-block-separator\"\/>\n\n\n\n<p><strong>Jury<\/strong> <\/p>\n\n\n\n<p>Juge 1 et pr\u00e9sident :  Robert Barri\u00e8re<br>Juge 2 :  Nathalie Barri\u00e8re <br>Juge 3&nbsp; :   Maxime Fraisse&nbsp; <\/p>\n\n\n\n<hr class=\"wp-block-separator\"\/>\n\n\n\n<div class=\"wp-block-file\"><a href=\"http:\/\/www.photoclubperignat-allier.com\/wp-content\/uploads\/2019\/12\/Biographie-N.BARRIERE-1.docx\">Biographie-N.BARRIERE-1<\/a><a href=\"http:\/\/www.photoclubperignat-allier.com\/wp-content\/uploads\/2019\/12\/Biographie-N.BARRIERE-1.docx\" class=\"wp-block-file__button\" download>T\u00e9l\u00e9charger<\/a><\/div>\n\n\n\n<div class=\"wp-block-file\"><a href=\"http:\/\/www.photoclubperignat-allier.com\/wp-content\/uploads\/2019\/12\/Biographie-Maxime-FRAISSE.docx\">Biographie-Maxime-FRAISSE<\/a><a href=\"http:\/\/www.photoclubperignat-allier.com\/wp-content\/uploads\/2019\/12\/Biographie-Maxime-FRAISSE.docx\" class=\"wp-block-file__button\" download>T\u00e9l\u00e9charger<\/a><\/div>\n\n\n\n<p><strong>Le mot du pr\u00e9sident <\/strong> En cours de r\u00e9daction Armand Amenta<\/p>\n\n\n\n<hr class=\"wp-block-separator\"\/>\n\n\n\n<p><strong>Informations g\u00e9n\u00e9rales<\/strong> <em> Un catalogue des meilleures photos sera remis \u00e0 tous les participants.<\/em><\/p>\n\n\n\n<figure class=\"wp-block-table\"><table class=\"\"><tbody><tr><td><em>Date limite de r\u00e9ception des envois<\/em><\/td><td><strong><em>18\/01\/2020<\/em><\/strong><\/td><\/tr><tr><td><em>Jugement<\/em><\/td><td><strong>24 et 25\/01<\/strong><em style=\"font-weight: bold;\"><strong>\/2020<\/strong><\/em><strong> <\/strong><\/td><\/tr><tr><td><em>Notification des r\u00e9sultats sur le site du club<\/em><\/td><td><strong>01\/02<\/strong><em style=\"font-weight: bold;\"><strong>\/2020<\/strong><\/em><strong> <\/strong><\/td><\/tr><tr><td><em>Exposition, salle de la mairie de P\u00e9rignat-sur-Allier<\/em><\/td><td><em>du <\/em> <strong><em>22\/02\/2020<\/em><\/strong> <em> au <\/em> <strong><em>01\/03\/2020<\/em><\/strong> <\/td><\/tr><\/tbody><\/table><\/figure>\n\n\n\n<hr class=\"wp-block-separator\"\/>\n\n\n\n<div class=\"wp-block-image\"><figure class=\"aligncenter\"><a href=\"https:\/\/www.facebook.com\/concours63\" target=\"_blank\" rel=\"noreferrer noopener\"><img decoding=\"async\" loading=\"lazy\" width=\"310\" height=\"80\" src=\"http:\/\/www.photoclubperignat-allier.com\/wp-content\/uploads\/2015\/04\/logo-facebook.jpg\" alt=\"logo-facebook\" class=\"wp-image-97\" srcset=\"https:\/\/www.photoclubperignat-allier.com\/wp-content\/uploads\/2015\/04\/logo-facebook.jpg 310w, https:\/\/www.photoclubperignat-allier.com\/wp-content\/uploads\/2015\/04\/logo-facebook-300x77.jpg 300w\" sizes=\"(max-width: 310px) 100vw, 310px\" \/><\/a><\/figure><\/div>\n\n\n\n<hr class=\"wp-block-separator\"\/>\n\n\n\n<p><strong>Bordereau : <\/strong>au format Word (<strong>\u00e0 privil\u00e9gier<\/strong> pour faciliter la tache des b\u00e9n\u00e9voles) :  <em>Bordereau au format Pdf (pr\u00e9f\u00e9rez le bordereau au format Word ci-dessus si possible) : <\/em><br><strong>Aide : \u00c9tiquettes<\/strong> Fichier pour \u00e9tiquettes Agipa 119013 au format Word <a rel=\"noreferrer noopener\" href=\"http:\/\/www.photoclubperignat-allier.com\/wp-content\/uploads\/2015\/04\/agipa119013_etiquettes-concours_perignat2014.zip\" target=\"_blank\">Etiquettes Word<\/a> et au format Pdf <a rel=\"noreferrer noopener\" href=\"http:\/\/www.photoclubperignat-allier.com\/wp-content\/uploads\/2015\/04\/agipa119013_etiquettes-concours_perignat2014.pdf\" target=\"_blank\">Etiquette Pdf<\/a> (<a rel=\"noreferrer noopener\" href=\"http:\/\/www.youtube.com\/watch?v=jBlH3AMACAo\" target=\"_blank\">le tuto pour tout comprendre<\/a>)<br><strong>Aide : Marie-Louise et Passe-Partout<\/strong> Pour vous aider : Tuto pour r\u00e9aliser un passe-partout (Marie Louise) (<a rel=\"noreferrer noopener\" href=\"https:\/\/www.youtube.com\/watch?v=3Hpf34As6YY\" target=\"_blank\">le tuto pour tout comprendre<\/a>)<\/p>\n\n\n\n<hr class=\"wp-block-separator\"\/>\n\n\n\n<p><strong>Statistiques<\/strong><\/p>\n\n\n\n<figure class=\"wp-block-table\"><table class=\"\"><tbody><tr><td>Cat\u00e9gories<\/td><td>Photos re\u00e7ues<\/td><td>Auteurs<\/td><td>Photos admises<\/td><td>Photos expos\u00e9es<\/td><\/tr><tr><td>Couleur Papier<\/td><td>474<\/td><td>150<\/td><td>92<\/td><td>&nbsp;<\/td><\/tr><tr><td>Monochrome<\/td><td>385<\/td><td>135<\/td><td>70<\/td><td>&nbsp;<\/td><\/tr><tr><td>Nature<\/td><td>279<\/td><td>96<\/td><td>55<\/td><td>&nbsp;<\/td><\/tr><tr><td>Total<\/td><td>1138<\/td><td>196<\/td><td>217<\/td><td>&nbsp;<\/td><\/tr><\/tbody><\/table><\/figure>\n\n\n\n<hr class=\"wp-block-separator\"\/>\n\n\n\n<hr class=\"wp-block-separator\"\/>\n\n\n\n<h2 class=\"wp-block-heading\"><strong>Les r\u00e9sultats du concours national d&rsquo;art photographique de P\u00e9rignat-sur Allier 20<\/strong>20<br> <\/h2>\n\n\n\n<div class=\"wp-block-file\"><a href=\"http:\/\/www.photoclubperignat-allier.com\/wp-content\/uploads\/2020\/02\/Classement_CP.pdf\">Classement_CP<\/a><a href=\"http:\/\/www.photoclubperignat-allier.com\/wp-content\/uploads\/2020\/02\/Classement_CP.pdf\" class=\"wp-block-file__button\" download>T\u00e9l\u00e9charger<\/a><\/div>\n\n\n\n<div class=\"wp-block-file\"><a href=\"http:\/\/www.photoclubperignat-allier.com\/wp-content\/uploads\/2020\/02\/Classement_NA.pdf\">Classement_NA<\/a><a href=\"http:\/\/www.photoclubperignat-allier.com\/wp-content\/uploads\/2020\/02\/Classement_NA.pdf\" class=\"wp-block-file__button\" download>T\u00e9l\u00e9charger<\/a><\/div>\n\n\n\n<div class=\"wp-block-file\"><a href=\"http:\/\/www.photoclubperignat-allier.com\/wp-content\/uploads\/2020\/02\/20200130-160812_Classement_NB-1.pdf\">Classement_NB<\/a><a href=\"http:\/\/www.photoclubperignat-allier.com\/wp-content\/uploads\/2020\/02\/20200130-160812_Classement_NB-1.pdf\" class=\"wp-block-file__button\" download>T\u00e9l\u00e9charger<\/a><\/div>\n\n\n\n<div class=\"wp-block-file\"><a href=\"http:\/\/www.photoclubperignat-allier.com\/wp-content\/uploads\/2020\/02\/20200130-162800_Palmares.pdf\">Palmar\u00e8s 2020<\/a><a href=\"http:\/\/www.photoclubperignat-allier.com\/wp-content\/uploads\/2020\/02\/20200130-162800_Palmares.pdf\" class=\"wp-block-file__button\" download>T\u00e9l\u00e9charger<\/a><\/div>\n\n\n\n<figure class=\"wp-block-image\"><a href=\"https:\/\/www.facebook.com\/concours63\" target=\"_blank\" rel=\"noreferrer noopener\"><img decoding=\"async\" src=\"http:\/\/www.photoclubperignat-allier.com\/wp-content\/uploads\/2019\/01\/partenaires2019-1.jpg\" alt=\"L\u00e2\u0080\u0099attribut alt de cette image est vide, son nom de fichier est partenaires2019-1.jpg.\"\/><\/a><\/figure>\n\n\n\n<hr class=\"wp-block-separator\"\/>\n\n\n\n<div class=\"wp-block-image\"><figure class=\"aligncenter\"><a href=\"https:\/\/www.facebook.com\/concours63\" target=\"_blank\" rel=\"noreferrer noopener\"><img decoding=\"async\" loading=\"lazy\" width=\"310\" height=\"80\" src=\"http:\/\/www.photoclubperignat-allier.com\/wp-content\/uploads\/2015\/04\/logo-facebook.jpg\" alt=\"logo-facebook\" class=\"wp-image-97\" srcset=\"https:\/\/www.photoclubperignat-allier.com\/wp-content\/uploads\/2015\/04\/logo-facebook.jpg 310w, https:\/\/www.photoclubperignat-allier.com\/wp-content\/uploads\/2015\/04\/logo-facebook-300x77.jpg 300w\" sizes=\"(max-width: 310px) 100vw, 310px\" \/><\/a><\/figure><\/div>\n\n\n\n<figure class=\"wp-block-image size-large\"><img decoding=\"async\" loading=\"lazy\" width=\"1024\" height=\"682\" src=\"http:\/\/www.photoclubperignat-allier.com\/wp-content\/uploads\/2020\/02\/Robert-BARRIERE-1024x682.jpeg\" alt=\"\" class=\"wp-image-1197\" srcset=\"https:\/\/www.photoclubperignat-allier.com\/wp-content\/uploads\/2020\/02\/Robert-BARRIERE-1024x682.jpeg 1024w, https:\/\/www.photoclubperignat-allier.com\/wp-content\/uploads\/2020\/02\/Robert-BARRIERE-300x200.jpeg 300w, https:\/\/www.photoclubperignat-allier.com\/wp-content\/uploads\/2020\/02\/Robert-BARRIERE-768x512.jpeg 768w, https:\/\/www.photoclubperignat-allier.com\/wp-content\/uploads\/2020\/02\/Robert-BARRIERE.jpeg 1280w\" sizes=\"(max-width: 1024px) 100vw, 1024px\" \/><figcaption> <strong>Robert BARRI\u00c8RE<\/strong> -Juge 1  &amp;  Anne Marie HOURIEZ<\/figcaption><\/figure>\n\n\n\n<hr class=\"wp-block-separator\"\/>\n\n\n\n<figure class=\"wp-block-image size-large\"><img decoding=\"async\" loading=\"lazy\" width=\"1024\" height=\"682\" src=\"http:\/\/www.photoclubperignat-allier.com\/wp-content\/uploads\/2020\/02\/Nathalie-BARRIERE-1024x682.jpeg\" alt=\"\" class=\"wp-image-1198\" srcset=\"https:\/\/www.photoclubperignat-allier.com\/wp-content\/uploads\/2020\/02\/Nathalie-BARRIERE-1024x682.jpeg 1024w, https:\/\/www.photoclubperignat-allier.com\/wp-content\/uploads\/2020\/02\/Nathalie-BARRIERE-300x200.jpeg 300w, https:\/\/www.photoclubperignat-allier.com\/wp-content\/uploads\/2020\/02\/Nathalie-BARRIERE-768x512.jpeg 768w, https:\/\/www.photoclubperignat-allier.com\/wp-content\/uploads\/2020\/02\/Nathalie-BARRIERE.jpeg 1280w\" sizes=\"(max-width: 1024px) 100vw, 1024px\" \/><figcaption>Fabienne MONDIE  &amp;  <strong>Nathalie BARRIERE <\/strong> Juge 2<\/figcaption><\/figure>\n\n\n\n<hr class=\"wp-block-separator\"\/>\n\n\n\n<figure class=\"wp-block-image size-large\"><img decoding=\"async\" loading=\"lazy\" width=\"1024\" height=\"682\" src=\"http:\/\/www.photoclubperignat-allier.com\/wp-content\/uploads\/2020\/02\/Maxime-FRAISSE-1024x682.jpeg\" alt=\"\" class=\"wp-image-1199\" srcset=\"https:\/\/www.photoclubperignat-allier.com\/wp-content\/uploads\/2020\/02\/Maxime-FRAISSE-1024x682.jpeg 1024w, https:\/\/www.photoclubperignat-allier.com\/wp-content\/uploads\/2020\/02\/Maxime-FRAISSE-300x200.jpeg 300w, https:\/\/www.photoclubperignat-allier.com\/wp-content\/uploads\/2020\/02\/Maxime-FRAISSE-768x512.jpeg 768w, https:\/\/www.photoclubperignat-allier.com\/wp-content\/uploads\/2020\/02\/Maxime-FRAISSE.jpeg 1280w\" sizes=\"(max-width: 1024px) 100vw, 1024px\" \/><figcaption>Christelle CHAPOT  &amp;  <strong>Maxime FRAISSE<\/strong> Juge 3<\/figcaption><\/figure>\n","protected":false},"excerpt":{"rendered":"<p>9\u00e8me concours National d\u2019art photographique de P\u00e9rignat-sur-Allier Janvier 2020 Bordereau : au format Word (\u00e0 privil\u00e9gier pour faciliter la tache des b\u00e9n\u00e9voles) : Bordereau au format Pdf (pr\u00e9f\u00e9rez le bordereau rempli au format Word ci-dessus si possible) : Aide : \u00c9tiquettes Fichier pour \u00e9tiquettes Agipa 119013 au format Word Etiquettes Word et au format Pdf &hellip; <a href=\"https:\/\/www.photoclubperignat-allier.com\/?page_id=1033\" class=\"more-link\">Continuer la lecture de <span class=\"screen-reader-text\">Concours 2020<\/span>  <span class=\"meta-nav\">&rarr;<\/span><\/a><\/p>\n","protected":false},"author":2,"featured_media":0,"parent":0,"menu_order":0,"comment_status":"closed","ping_status":"closed","template":"","meta":[],"_links":{"self":[{"href":"https:\/\/www.photoclubperignat-allier.com\/index.php?rest_route=\/wp\/v2\/pages\/1033"}],"collection":[{"href":"https:\/\/www.photoclubperignat-allier.com\/index.php?rest_route=\/wp\/v2\/pages"}],"about":[{"href":"https:\/\/www.photoclubperignat-allier.com\/index.php?rest_route=\/wp\/v2\/types\/page"}],"author":[{"embeddable":true,"href":"https:\/\/www.photoclubperignat-allier.com\/index.php?rest_route=\/wp\/v2\/users\/2"}],"replies":[{"embeddable":true,"href":"https:\/\/www.photoclubperignat-allier.com\/index.php?rest_route=%2Fwp%2Fv2%2Fcomments&post=1033"}],"version-history":[{"count":20,"href":"https:\/\/www.photoclubperignat-allier.com\/index.php?rest_route=\/wp\/v2\/pages\/1033\/revisions"}],"predecessor-version":[{"id":1200,"href":"https:\/\/www.photoclubperignat-allier.com\/index.php?rest_route=\/wp\/v2\/pages\/1033\/revisions\/1200"}],"wp:attachment":[{"href":"https:\/\/www.photoclubperignat-allier.com\/index.php?rest_route=%2Fwp%2Fv2%2Fmedia&parent=1033"}],"curies":[{"name":"wp","href":"https:\/\/api.w.org\/{rel}","templated":true}]}}