{"id":635,"date":"2019-01-15T11:34:53","date_gmt":"2019-01-15T10:34:53","guid":{"rendered":"http:\/\/www.photoclubperignat-allier.com\/?page_id=635"},"modified":"2019-01-15T11:34:53","modified_gmt":"2019-01-15T10:34:53","slug":"biographie-alain-becker","status":"publish","type":"page","link":"http:\/\/www.photoclubperignat-allier.com\/?page_id=635","title":{"rendered":"Biographie &#8211;  Alain Becker"},"content":{"rendered":"\n<p>Tr\u00e8s actif dans les concours dans les ann\u00e9es 80 et 90. J\u2019ai aussi \u00e9t\u00e9 pr\u00e9sident du club photo de Roussel Uclaf \u00e0 Vertolaye dans cette m\u00eame p\u00e9riode.<\/p>\n\n\n\n<p>Quelques r\u00e9sultats\u00a0:<br>Vainqueur quatre fois de la coupe de France Diapositive avec le club photo de Vertolaye et laur\u00e9at de la coupe de France diapositive. Vainqueur trois fois du concours national nature diapositives avec le club photo de Vertolaye. <br>Puis champion de France en diapositives individuel en 1994. Deux fois vainqueur de la biennale FIAP avec l\u2019\u00e9quipe de France dans les ann\u00e9es 90 en diapositives libres ( toute cat\u00e9gorie). J\u2019ai beaucoup particip\u00e9 aux concours internationaux dans cette p\u00e9riode ( diapositive libre et nature ) et membre FPF et ISF.<\/p>\n\n\n\n<p>Egalement juge  de concours : R\u00e9gionaux\u00a0Nationaux\u00a0Internationaux\u00a0F\u00e9d\u00e9raux\u00a0En couleur papier et diapositives.<\/p>\n\n\n\n<p>Les photographes qui m\u2019ont guid\u00e9, influenc\u00e9 et pour certains conseill\u00e9 sont St\u00e9phan \u00a0Dalton,  Bence Mate et surtout Marc Anagnostidis.<\/p>\n\n\n\n<p>Mes domaines d\u2019int\u00e9r\u00eat sont la photographie nature et le sport, mais je reste polyvalent. Depuis les ann\u00e9es 90 je travaille sur la photo \u00e0 haute vitesse ( 1\/20 000\u00e8me de sec ) et sur les mammif\u00e8res (ours ) et les oiseaux.<\/p>\n\n\n\n<p>Je n\u2019ai jamais fait autant de photos qu\u2019aujourd\u2019hui mais seulement pour le plaisir (pas de concours, pas d\u2019exposition, pas de site), le partage en famille et avec quelques amis tr\u00e8s proches comme Marc Anagnostidis. Bien s\u00fbr tout cela en amateur tr\u00e8s passionn\u00e9 et sans pr\u00e9tention.<\/p>\n\n\n\n<p>Voil\u00e0 cela permet de mieux situer le personnage. <\/p>\n","protected":false},"excerpt":{"rendered":"<p>Tr\u00e8s actif dans les concours dans les ann\u00e9es 80 et 90. J\u2019ai aussi \u00e9t\u00e9 pr\u00e9sident du club photo de Roussel Uclaf \u00e0 Vertolaye dans cette m\u00eame p\u00e9riode. Quelques r\u00e9sultats\u00a0:Vainqueur quatre fois de la coupe de France Diapositive avec le club photo de Vertolaye et laur\u00e9at de la coupe de France diapositive. Vainqueur trois fois du &hellip; <a href=\"http:\/\/www.photoclubperignat-allier.com\/?page_id=635\" class=\"more-link\">Continuer la lecture de <span class=\"screen-reader-text\">Biographie &#8211;  Alain Becker<\/span>  <span class=\"meta-nav\">&rarr;<\/span><\/a><\/p>\n","protected":false},"author":1,"featured_media":0,"parent":0,"menu_order":0,"comment_status":"closed","ping_status":"closed","template":"","meta":[],"_links":{"self":[{"href":"http:\/\/www.photoclubperignat-allier.com\/index.php?rest_route=\/wp\/v2\/pages\/635"}],"collection":[{"href":"http:\/\/www.photoclubperignat-allier.com\/index.php?rest_route=\/wp\/v2\/pages"}],"about":[{"href":"http:\/\/www.photoclubperignat-allier.com\/index.php?rest_route=\/wp\/v2\/types\/page"}],"author":[{"embeddable":true,"href":"http:\/\/www.photoclubperignat-allier.com\/index.php?rest_route=\/wp\/v2\/users\/1"}],"replies":[{"embeddable":true,"href":"http:\/\/www.photoclubperignat-allier.com\/index.php?rest_route=%2Fwp%2Fv2%2Fcomments&post=635"}],"version-history":[{"count":1,"href":"http:\/\/www.photoclubperignat-allier.com\/index.php?rest_route=\/wp\/v2\/pages\/635\/revisions"}],"predecessor-version":[{"id":636,"href":"http:\/\/www.photoclubperignat-allier.com\/index.php?rest_route=\/wp\/v2\/pages\/635\/revisions\/636"}],"wp:attachment":[{"href":"http:\/\/www.photoclubperignat-allier.com\/index.php?rest_route=%2Fwp%2Fv2%2Fmedia&parent=635"}],"curies":[{"name":"wp","href":"https:\/\/api.w.org\/{rel}","templated":true}]}}