{"id":633,"date":"2019-01-15T11:29:33","date_gmt":"2019-01-15T10:29:33","guid":{"rendered":"http:\/\/www.photoclubperignat-allier.com\/?page_id=633"},"modified":"2019-01-15T11:29:33","modified_gmt":"2019-01-15T10:29:33","slug":"biographie-jean-moreno","status":"publish","type":"page","link":"http:\/\/www.photoclubperignat-allier.com\/?page_id=633","title":{"rendered":"Biographie Jean Moreno"},"content":{"rendered":"\n<p>De nombreuses ann\u00e9es Photographe dans une grande Entreprise Fran\u00e7aise, j\u2019ai un cursus normal de photographe (D\u00e9tenteur d\u2019un C.A.P Photographique, d\u2019un Brevet du m\u00eame m\u00e9tier).<\/p>\n\n\n\n<p>Je suis aussi Dipl\u00f4m\u00e9 SINAR, la chambre photographique de r\u00e9f\u00e9rence Professionnel) <\/p>\n\n\n\n<p>Un passage dans une \u00e9cole pour l\u2019initiation du Zone\nSyst\u00e8me de Mr ANSEL ADAMS. J\u2019ai ensuite cr\u00e9er une SARL Photographique avec un\nassoci\u00e9 PMP Atelier-Photo), j\u2019ai travaill\u00e9 avec des agences Publicitaire comme\npar exemple Publicis pour des catalogues publicitaire <\/p>\n\n\n\n<p>\u2013&nbsp;&nbsp;&nbsp;&nbsp;&nbsp; Dbbo pour des\nannonces Presses &nbsp;et d\u2019autres agences\ncomme Cinqui\u00e8me Couleur. L\u2019Agence Relief pour des journaux internes. <\/p>\n\n\n\n<p>\u2013&nbsp;&nbsp;&nbsp;&nbsp;&nbsp; Des prises de\nvue en Studio dans la R\u00e9gion Lyonnaise qui \u00e9tait \u00e0 l\u2019\u00e9poque un des plus grands\nstudio d\u2019Europe, Studio 21 \u00e0 Villeurbanne c\u2019est le studio ou a \u00e9t\u00e9 film\u00e9 une\ns\u00e9rie de t\u00e9l\u00e9vision.<\/p>\n\n\n\n<p>J\u2019ai \u00e9galement jug\u00e9 diff\u00e9rentes comp\u00e9titions pour la\nF\u00e9d\u00e9ration Photographique de France.<\/p>\n\n\n\n<p>Lien\npour voir quelques unes de mes photos&nbsp;:&nbsp;\n<a href=\"https:\/\/www.flickr.com\/photos\/jeanmoreno\/page2\" target=\"_blank\" rel=\"noreferrer noopener\">https:\/\/www.flickr.com\/photos\/jeanmoreno\/page2<\/a><\/p>\n","protected":false},"excerpt":{"rendered":"<p>De nombreuses ann\u00e9es Photographe dans une grande Entreprise Fran\u00e7aise, j\u2019ai un cursus normal de photographe (D\u00e9tenteur d\u2019un C.A.P Photographique, d\u2019un Brevet du m\u00eame m\u00e9tier). Je suis aussi Dipl\u00f4m\u00e9 SINAR, la chambre photographique de r\u00e9f\u00e9rence Professionnel) Un passage dans une \u00e9cole pour l\u2019initiation du Zone Syst\u00e8me de Mr ANSEL ADAMS. J\u2019ai ensuite cr\u00e9er une SARL Photographique &hellip; <a href=\"http:\/\/www.photoclubperignat-allier.com\/?page_id=633\" class=\"more-link\">Continuer la lecture de <span class=\"screen-reader-text\">Biographie Jean Moreno<\/span>  <span class=\"meta-nav\">&rarr;<\/span><\/a><\/p>\n","protected":false},"author":1,"featured_media":0,"parent":0,"menu_order":0,"comment_status":"closed","ping_status":"closed","template":"","meta":[],"_links":{"self":[{"href":"http:\/\/www.photoclubperignat-allier.com\/index.php?rest_route=\/wp\/v2\/pages\/633"}],"collection":[{"href":"http:\/\/www.photoclubperignat-allier.com\/index.php?rest_route=\/wp\/v2\/pages"}],"about":[{"href":"http:\/\/www.photoclubperignat-allier.com\/index.php?rest_route=\/wp\/v2\/types\/page"}],"author":[{"embeddable":true,"href":"http:\/\/www.photoclubperignat-allier.com\/index.php?rest_route=\/wp\/v2\/users\/1"}],"replies":[{"embeddable":true,"href":"http:\/\/www.photoclubperignat-allier.com\/index.php?rest_route=%2Fwp%2Fv2%2Fcomments&post=633"}],"version-history":[{"count":1,"href":"http:\/\/www.photoclubperignat-allier.com\/index.php?rest_route=\/wp\/v2\/pages\/633\/revisions"}],"predecessor-version":[{"id":634,"href":"http:\/\/www.photoclubperignat-allier.com\/index.php?rest_route=\/wp\/v2\/pages\/633\/revisions\/634"}],"wp:attachment":[{"href":"http:\/\/www.photoclubperignat-allier.com\/index.php?rest_route=%2Fwp%2Fv2%2Fmedia&parent=633"}],"curies":[{"name":"wp","href":"https:\/\/api.w.org\/{rel}","templated":true}]}}